{"id":25,"date":"2017-06-07T02:06:36","date_gmt":"2017-06-07T02:06:36","guid":{"rendered":"http:\/\/mb-projektgemeinschaft.de\/?page_id=25"},"modified":"2023-08-30T06:37:57","modified_gmt":"2023-08-30T06:37:57","slug":"beteiligte-firmen","status":"publish","type":"page","link":"https:\/\/mb-projektgemeinschaft.de\/?page_id=25","title":{"rendered":"unsere Partnerfirmen"},"content":{"rendered":"\t\t<div data-elementor-type=\"wp-page\" data-elementor-id=\"25\" class=\"elementor elementor-25\">\n\t\t\t\t\t\t<section class=\"elementor-section elementor-top-section elementor-element elementor-element-8f80e7d elementor-section-boxed elementor-section-height-default elementor-section-height-default\" data-id=\"8f80e7d\" data-element_type=\"section\" data-e-type=\"section\">\n\t\t\t\t\t\t<div class=\"elementor-container elementor-column-gap-default\">\n\t\t\t\t\t<div class=\"elementor-column elementor-col-50 elementor-top-column elementor-element elementor-element-61820b7\" data-id=\"61820b7\" data-element_type=\"column\" data-e-type=\"column\">\n\t\t\t<div class=\"elementor-widget-wrap elementor-element-populated\">\n\t\t\t\t\t\t<div class=\"elementor-element elementor-element-c85c3fc elementor-widget elementor-widget-image\" data-id=\"c85c3fc\" data-element_type=\"widget\" data-e-type=\"widget\" data-widget_type=\"image.default\">\n\t\t\t\t<div class=\"elementor-widget-container\">\n\t\t\t\t\t\t\t\t\t\t\t\t\t\t\t<img fetchpriority=\"high\" decoding=\"async\" width=\"740\" height=\"149\" src=\"https:\/\/mb-projektgemeinschaft.de\/wp-content\/uploads\/2022\/01\/Albrecht-Bedachungen.jpg\" class=\"attachment-large size-large wp-image-930\" alt=\"\" srcset=\"https:\/\/mb-projektgemeinschaft.de\/wp-content\/uploads\/2022\/01\/Albrecht-Bedachungen.jpg 859w, https:\/\/mb-projektgemeinschaft.de\/wp-content\/uploads\/2022\/01\/Albrecht-Bedachungen-300x60.jpg 300w, https:\/\/mb-projektgemeinschaft.de\/wp-content\/uploads\/2022\/01\/Albrecht-Bedachungen-768x155.jpg 768w\" sizes=\"100vw\" \/>\t\t\t\t\t\t\t\t\t\t\t\t\t\t\t<\/div>\n\t\t\t\t<\/div>\n\t\t\t\t\t<\/div>\n\t\t<\/div>\n\t\t\t\t<div class=\"elementor-column elementor-col-50 elementor-top-column elementor-element elementor-element-2ef5b38\" data-id=\"2ef5b38\" data-element_type=\"column\" data-e-type=\"column\">\n\t\t\t<div class=\"elementor-widget-wrap elementor-element-populated\">\n\t\t\t\t\t\t<div class=\"elementor-element elementor-element-ad74ecc elementor-widget elementor-widget-text-editor\" data-id=\"ad74ecc\" data-element_type=\"widget\" data-e-type=\"widget\" data-widget_type=\"text-editor.default\">\n\t\t\t\t<div class=\"elementor-widget-container\">\n\t\t\t\t\t\t\t\t\t<p>Albrecht Bedachungen<br \/>An der Bahn 46<br \/>29559 Wrestedt OT Wieren<br \/>05825\/268320<br \/>albrecht-dach@t-online.de<\/p>\t\t\t\t\t\t\t\t<\/div>\n\t\t\t\t<\/div>\n\t\t\t\t\t<\/div>\n\t\t<\/div>\n\t\t\t\t\t<\/div>\n\t\t<\/section>\n\t\t\t\t<section class=\"elementor-section elementor-top-section elementor-element elementor-element-2c37874 elementor-section-boxed elementor-section-height-default elementor-section-height-default\" data-id=\"2c37874\" data-element_type=\"section\" data-e-type=\"section\">\n\t\t\t\t\t\t<div class=\"elementor-container elementor-column-gap-default\">\n\t\t\t\t\t<div class=\"elementor-column elementor-col-50 elementor-top-column elementor-element elementor-element-acbfcbd\" data-id=\"acbfcbd\" data-element_type=\"column\" data-e-type=\"column\">\n\t\t\t<div class=\"elementor-widget-wrap elementor-element-populated\">\n\t\t\t\t\t\t<div class=\"elementor-element elementor-element-43a7677 elementor-widget elementor-widget-image\" data-id=\"43a7677\" data-element_type=\"widget\" data-e-type=\"widget\" data-widget_type=\"image.default\">\n\t\t\t\t<div class=\"elementor-widget-container\">\n\t\t\t\t\t\t\t\t\t\t\t\t\t\t\t<img decoding=\"async\" width=\"690\" height=\"226\" src=\"https:\/\/mb-projektgemeinschaft.de\/wp-content\/uploads\/2022\/01\/Alexander-Bruch.jpg\" class=\"attachment-large size-large wp-image-940\" alt=\"\" srcset=\"https:\/\/mb-projektgemeinschaft.de\/wp-content\/uploads\/2022\/01\/Alexander-Bruch.jpg 690w, https:\/\/mb-projektgemeinschaft.de\/wp-content\/uploads\/2022\/01\/Alexander-Bruch-300x98.jpg 300w\" sizes=\"100vw\" \/>\t\t\t\t\t\t\t\t\t\t\t\t\t\t\t<\/div>\n\t\t\t\t<\/div>\n\t\t\t\t\t<\/div>\n\t\t<\/div>\n\t\t\t\t<div class=\"elementor-column elementor-col-50 elementor-top-column elementor-element elementor-element-52e191a\" data-id=\"52e191a\" data-element_type=\"column\" data-e-type=\"column\">\n\t\t\t<div class=\"elementor-widget-wrap elementor-element-populated\">\n\t\t\t\t\t\t<div class=\"elementor-element elementor-element-9a71fe1 elementor-widget elementor-widget-text-editor\" data-id=\"9a71fe1\" data-element_type=\"widget\" data-e-type=\"widget\" data-widget_type=\"text-editor.default\">\n\t\t\t\t<div class=\"elementor-widget-container\">\n\t\t\t\t\t\t\t\t\t<p>Alexander Bruch GmbH<br \/>Fliesen * Natursteine <br \/>Am alten Grenzgraben 3<br \/>29525 Uelzen<br \/>0581\/9716688<br \/>info@bruch-uelzen.de<br \/>www.bruch-uelzen.de<\/p><p>\u00a0<\/p>\t\t\t\t\t\t\t\t<\/div>\n\t\t\t\t<\/div>\n\t\t\t\t\t<\/div>\n\t\t<\/div>\n\t\t\t\t\t<\/div>\n\t\t<\/section>\n\t\t\t\t<section class=\"elementor-section elementor-top-section elementor-element elementor-element-fecea30 elementor-section-boxed elementor-section-height-default elementor-section-height-default\" data-id=\"fecea30\" data-element_type=\"section\" data-e-type=\"section\">\n\t\t\t\t\t\t<div class=\"elementor-container elementor-column-gap-default\">\n\t\t\t\t\t<div class=\"elementor-column elementor-col-50 elementor-top-column elementor-element elementor-element-1c6a31b\" data-id=\"1c6a31b\" data-element_type=\"column\" data-e-type=\"column\">\n\t\t\t<div class=\"elementor-widget-wrap elementor-element-populated\">\n\t\t\t\t\t\t<div class=\"elementor-element elementor-element-6335ba7 elementor-widget elementor-widget-image\" data-id=\"6335ba7\" data-element_type=\"widget\" data-e-type=\"widget\" data-widget_type=\"image.default\">\n\t\t\t\t<div class=\"elementor-widget-container\">\n\t\t\t\t\t\t\t\t\t\t\t\t\t\t\t<img decoding=\"async\" width=\"740\" height=\"256\" src=\"https:\/\/mb-projektgemeinschaft.de\/wp-content\/uploads\/2022\/01\/Baeslack.jpg\" class=\"attachment-large size-large wp-image-944\" alt=\"\" srcset=\"https:\/\/mb-projektgemeinschaft.de\/wp-content\/uploads\/2022\/01\/Baeslack.jpg 804w, https:\/\/mb-projektgemeinschaft.de\/wp-content\/uploads\/2022\/01\/Baeslack-300x104.jpg 300w, https:\/\/mb-projektgemeinschaft.de\/wp-content\/uploads\/2022\/01\/Baeslack-768x266.jpg 768w\" sizes=\"100vw\" \/>\t\t\t\t\t\t\t\t\t\t\t\t\t\t\t<\/div>\n\t\t\t\t<\/div>\n\t\t\t\t\t<\/div>\n\t\t<\/div>\n\t\t\t\t<div class=\"elementor-column elementor-col-50 elementor-top-column elementor-element elementor-element-036f53c\" data-id=\"036f53c\" data-element_type=\"column\" data-e-type=\"column\">\n\t\t\t<div class=\"elementor-widget-wrap elementor-element-populated\">\n\t\t\t\t\t\t<div class=\"elementor-element elementor-element-5ca10bc elementor-widget elementor-widget-text-editor\" data-id=\"5ca10bc\" data-element_type=\"widget\" data-e-type=\"widget\" data-widget_type=\"text-editor.default\">\n\t\t\t\t<div class=\"elementor-widget-container\">\n\t\t\t\t\t\t\t\t\t<p>Olaf B\u00e4slack <br \/>Bahnhofstra\u00dfe 28<br \/>21368 Dahlenburg<br \/>05851\/7875<br \/>heizung.sanitaer.baeslack@t-online.de<br \/>www.baeslack.de<\/p>\t\t\t\t\t\t\t\t<\/div>\n\t\t\t\t<\/div>\n\t\t\t\t\t<\/div>\n\t\t<\/div>\n\t\t\t\t\t<\/div>\n\t\t<\/section>\n\t\t\t\t<section class=\"elementor-section elementor-top-section elementor-element elementor-element-529194e elementor-section-boxed elementor-section-height-default elementor-section-height-default\" data-id=\"529194e\" data-element_type=\"section\" data-e-type=\"section\">\n\t\t\t\t\t\t<div class=\"elementor-container elementor-column-gap-default\">\n\t\t\t\t\t<div class=\"elementor-column elementor-col-50 elementor-top-column elementor-element elementor-element-60b336c\" data-id=\"60b336c\" data-element_type=\"column\" data-e-type=\"column\">\n\t\t\t<div class=\"elementor-widget-wrap elementor-element-populated\">\n\t\t\t\t\t\t<div class=\"elementor-element elementor-element-b8fc410 elementor-widget elementor-widget-image\" data-id=\"b8fc410\" data-element_type=\"widget\" data-e-type=\"widget\" data-widget_type=\"image.default\">\n\t\t\t\t<div class=\"elementor-widget-container\">\n\t\t\t\t\t\t\t\t\t\t\t\t\t\t\t<img loading=\"lazy\" decoding=\"async\" width=\"740\" height=\"150\" src=\"https:\/\/mb-projektgemeinschaft.de\/wp-content\/uploads\/2022\/01\/BPS-1024x208.jpg\" class=\"attachment-large size-large wp-image-1063\" alt=\"\" srcset=\"https:\/\/mb-projektgemeinschaft.de\/wp-content\/uploads\/2022\/01\/BPS-1024x208.jpg 1024w, https:\/\/mb-projektgemeinschaft.de\/wp-content\/uploads\/2022\/01\/BPS-300x61.jpg 300w, https:\/\/mb-projektgemeinschaft.de\/wp-content\/uploads\/2022\/01\/BPS-768x156.jpg 768w, https:\/\/mb-projektgemeinschaft.de\/wp-content\/uploads\/2022\/01\/BPS-1536x312.jpg 1536w, https:\/\/mb-projektgemeinschaft.de\/wp-content\/uploads\/2022\/01\/BPS.jpg 1576w\" sizes=\"100vw\" \/>\t\t\t\t\t\t\t\t\t\t\t\t\t\t\t<\/div>\n\t\t\t\t<\/div>\n\t\t\t\t\t<\/div>\n\t\t<\/div>\n\t\t\t\t<div class=\"elementor-column elementor-col-50 elementor-top-column elementor-element elementor-element-48bf94f\" data-id=\"48bf94f\" data-element_type=\"column\" data-e-type=\"column\">\n\t\t\t<div class=\"elementor-widget-wrap elementor-element-populated\">\n\t\t\t\t\t\t<div class=\"elementor-element elementor-element-9d26828 elementor-widget elementor-widget-text-editor\" data-id=\"9d26828\" data-element_type=\"widget\" data-e-type=\"widget\" data-widget_type=\"text-editor.default\">\n\t\t\t\t<div class=\"elementor-widget-container\">\n\t\t\t\t\t\t\t\t\t<p>bps-Bauplanungsservice + Bauprojektservice<br \/>Gebhard Schulz &#8211; Architekt<br \/>Birkenallee 49<br \/>29525 Uelzen<br \/>0581\/9077066<br \/>schulz@bauplanungsservice.com<br \/>www.bauplanungsservice.com<\/p>\t\t\t\t\t\t\t\t<\/div>\n\t\t\t\t<\/div>\n\t\t\t\t\t<\/div>\n\t\t<\/div>\n\t\t\t\t\t<\/div>\n\t\t<\/section>\n\t\t\t\t<section class=\"elementor-section elementor-top-section elementor-element elementor-element-302969e elementor-section-boxed elementor-section-height-default elementor-section-height-default\" data-id=\"302969e\" data-element_type=\"section\" data-e-type=\"section\">\n\t\t\t\t\t\t<div class=\"elementor-container elementor-column-gap-default\">\n\t\t\t\t\t<div class=\"elementor-column elementor-col-50 elementor-top-column elementor-element elementor-element-3903ad0\" data-id=\"3903ad0\" data-element_type=\"column\" data-e-type=\"column\">\n\t\t\t<div class=\"elementor-widget-wrap elementor-element-populated\">\n\t\t\t\t\t\t<div class=\"elementor-element elementor-element-7ea87b3 elementor-widget elementor-widget-image\" data-id=\"7ea87b3\" data-element_type=\"widget\" data-e-type=\"widget\" data-widget_type=\"image.default\">\n\t\t\t\t<div class=\"elementor-widget-container\">\n\t\t\t\t\t\t\t\t\t\t\t\t\t\t\t<img loading=\"lazy\" decoding=\"async\" width=\"740\" height=\"479\" src=\"https:\/\/mb-projektgemeinschaft.de\/wp-content\/uploads\/2022\/01\/Estrich-Bau-GmbH.jpg\" class=\"attachment-large size-large wp-image-949\" alt=\"\" srcset=\"https:\/\/mb-projektgemeinschaft.de\/wp-content\/uploads\/2022\/01\/Estrich-Bau-GmbH.jpg 742w, https:\/\/mb-projektgemeinschaft.de\/wp-content\/uploads\/2022\/01\/Estrich-Bau-GmbH-300x194.jpg 300w\" sizes=\"100vw\" \/>\t\t\t\t\t\t\t\t\t\t\t\t\t\t\t<\/div>\n\t\t\t\t<\/div>\n\t\t\t\t\t<\/div>\n\t\t<\/div>\n\t\t\t\t<div class=\"elementor-column elementor-col-50 elementor-top-column elementor-element elementor-element-9171433\" data-id=\"9171433\" data-element_type=\"column\" data-e-type=\"column\">\n\t\t\t<div class=\"elementor-widget-wrap\">\n\t\t\t\t\t\t\t<\/div>\n\t\t<\/div>\n\t\t\t\t\t<\/div>\n\t\t<\/section>\n\t\t\t\t<section class=\"elementor-section elementor-top-section elementor-element elementor-element-fc64fc9 elementor-section-boxed elementor-section-height-default elementor-section-height-default\" data-id=\"fc64fc9\" data-element_type=\"section\" data-e-type=\"section\">\n\t\t\t\t\t\t<div class=\"elementor-container elementor-column-gap-default\">\n\t\t\t\t\t<div class=\"elementor-column elementor-col-50 elementor-top-column elementor-element elementor-element-34202d1\" data-id=\"34202d1\" data-element_type=\"column\" data-e-type=\"column\">\n\t\t\t<div class=\"elementor-widget-wrap elementor-element-populated\">\n\t\t\t\t\t\t<div class=\"elementor-element elementor-element-0977195 elementor-widget elementor-widget-image\" data-id=\"0977195\" data-element_type=\"widget\" data-e-type=\"widget\" data-widget_type=\"image.default\">\n\t\t\t\t<div class=\"elementor-widget-container\">\n\t\t\t\t\t\t\t\t\t\t\t\t\t\t\t<img loading=\"lazy\" decoding=\"async\" width=\"300\" height=\"150\" src=\"https:\/\/mb-projektgemeinschaft.de\/wp-content\/uploads\/2022\/01\/Fotostudio-CodoMa-300x150-1.jpg\" class=\"attachment-large size-large wp-image-957\" alt=\"\" sizes=\"100vw\" \/>\t\t\t\t\t\t\t\t\t\t\t\t\t\t\t<\/div>\n\t\t\t\t<\/div>\n\t\t\t\t\t<\/div>\n\t\t<\/div>\n\t\t\t\t<div class=\"elementor-column elementor-col-50 elementor-top-column elementor-element elementor-element-d4c12e3\" data-id=\"d4c12e3\" data-element_type=\"column\" data-e-type=\"column\">\n\t\t\t<div class=\"elementor-widget-wrap elementor-element-populated\">\n\t\t\t\t\t\t<div class=\"elementor-element elementor-element-9fa08be elementor-widget elementor-widget-text-editor\" data-id=\"9fa08be\" data-element_type=\"widget\" data-e-type=\"widget\" data-widget_type=\"text-editor.default\">\n\t\t\t\t<div class=\"elementor-widget-container\">\n\t\t\t\t\t\t\t\t\t<p>Fotostudio CodoMa<br \/>Cordula Marienberg<br \/>Zimmermannstr. 13<br \/>29525 Uelzen<br \/>0581\/71382<br \/>info@codoma.de<br \/>www.codoma.de<\/p>\t\t\t\t\t\t\t\t<\/div>\n\t\t\t\t<\/div>\n\t\t\t\t\t<\/div>\n\t\t<\/div>\n\t\t\t\t\t<\/div>\n\t\t<\/section>\n\t\t\t\t<section class=\"elementor-section elementor-top-section elementor-element elementor-element-27d3c7a elementor-section-boxed elementor-section-height-default elementor-section-height-default\" data-id=\"27d3c7a\" data-element_type=\"section\" data-e-type=\"section\">\n\t\t\t\t\t\t<div class=\"elementor-container elementor-column-gap-default\">\n\t\t\t\t\t<div class=\"elementor-column elementor-col-50 elementor-top-column elementor-element elementor-element-0857507\" data-id=\"0857507\" data-element_type=\"column\" data-e-type=\"column\">\n\t\t\t<div class=\"elementor-widget-wrap elementor-element-populated\">\n\t\t\t\t\t\t<div class=\"elementor-element elementor-element-83c441e elementor-widget elementor-widget-image\" data-id=\"83c441e\" data-element_type=\"widget\" data-e-type=\"widget\" data-widget_type=\"image.default\">\n\t\t\t\t<div class=\"elementor-widget-container\">\n\t\t\t\t\t\t\t\t\t\t\t\t\t\t\t<img loading=\"lazy\" decoding=\"async\" width=\"706\" height=\"300\" src=\"https:\/\/mb-projektgemeinschaft.de\/wp-content\/uploads\/2022\/01\/Grethen.jpg\" class=\"attachment-large size-large wp-image-961\" alt=\"\" srcset=\"https:\/\/mb-projektgemeinschaft.de\/wp-content\/uploads\/2022\/01\/Grethen.jpg 706w, https:\/\/mb-projektgemeinschaft.de\/wp-content\/uploads\/2022\/01\/Grethen-300x127.jpg 300w\" sizes=\"100vw\" \/>\t\t\t\t\t\t\t\t\t\t\t\t\t\t\t<\/div>\n\t\t\t\t<\/div>\n\t\t\t\t\t<\/div>\n\t\t<\/div>\n\t\t\t\t<div class=\"elementor-column elementor-col-50 elementor-top-column elementor-element elementor-element-7629f8b\" data-id=\"7629f8b\" data-element_type=\"column\" data-e-type=\"column\">\n\t\t\t<div class=\"elementor-widget-wrap elementor-element-populated\">\n\t\t\t\t\t\t<div class=\"elementor-element elementor-element-6f1847e elementor-widget elementor-widget-text-editor\" data-id=\"6f1847e\" data-element_type=\"widget\" data-e-type=\"widget\" data-widget_type=\"text-editor.default\">\n\t\t\t\t<div class=\"elementor-widget-container\">\n\t\t\t\t\t\t\t\t\t<p>Grethen Bad Heizung Elektro GmbH<br \/>Ludwig-Ehlers-Stra\u00dfe 9<br \/>29549 Bad Bevensen<br \/>055821\/7081<br \/>info@hartmut-grethen.de<br \/>www.hartmut-grethen.de<\/p>\t\t\t\t\t\t\t\t<\/div>\n\t\t\t\t<\/div>\n\t\t\t\t\t<\/div>\n\t\t<\/div>\n\t\t\t\t\t<\/div>\n\t\t<\/section>\n\t\t\t\t<section class=\"elementor-section elementor-top-section elementor-element elementor-element-b931c99 elementor-section-boxed elementor-section-height-default elementor-section-height-default\" data-id=\"b931c99\" data-element_type=\"section\" data-e-type=\"section\">\n\t\t\t\t\t\t<div class=\"elementor-container elementor-column-gap-default\">\n\t\t\t\t\t<div class=\"elementor-column elementor-col-50 elementor-top-column elementor-element elementor-element-fb822bc\" data-id=\"fb822bc\" data-element_type=\"column\" data-e-type=\"column\">\n\t\t\t<div class=\"elementor-widget-wrap elementor-element-populated\">\n\t\t\t\t\t\t<div class=\"elementor-element elementor-element-2ba1ac3 elementor-widget elementor-widget-image\" data-id=\"2ba1ac3\" data-element_type=\"widget\" data-e-type=\"widget\" data-widget_type=\"image.default\">\n\t\t\t\t<div class=\"elementor-widget-container\">\n\t\t\t\t\t\t\t\t\t\t\t\t\t\t\t<img loading=\"lazy\" decoding=\"async\" width=\"740\" height=\"295\" src=\"https:\/\/mb-projektgemeinschaft.de\/wp-content\/uploads\/2022\/01\/Heiko-Mueller-1024x408.jpg\" class=\"attachment-large size-large wp-image-969\" alt=\"\" srcset=\"https:\/\/mb-projektgemeinschaft.de\/wp-content\/uploads\/2022\/01\/Heiko-Mueller-1024x408.jpg 1024w, https:\/\/mb-projektgemeinschaft.de\/wp-content\/uploads\/2022\/01\/Heiko-Mueller-300x119.jpg 300w, https:\/\/mb-projektgemeinschaft.de\/wp-content\/uploads\/2022\/01\/Heiko-Mueller-768x306.jpg 768w, https:\/\/mb-projektgemeinschaft.de\/wp-content\/uploads\/2022\/01\/Heiko-Mueller.jpg 1130w\" sizes=\"100vw\" \/>\t\t\t\t\t\t\t\t\t\t\t\t\t\t\t<\/div>\n\t\t\t\t<\/div>\n\t\t\t\t\t<\/div>\n\t\t<\/div>\n\t\t\t\t<div class=\"elementor-column elementor-col-50 elementor-top-column elementor-element elementor-element-56dff82\" data-id=\"56dff82\" data-element_type=\"column\" data-e-type=\"column\">\n\t\t\t<div class=\"elementor-widget-wrap elementor-element-populated\">\n\t\t\t\t\t\t<div class=\"elementor-element elementor-element-94b0e7e elementor-widget elementor-widget-text-editor\" data-id=\"94b0e7e\" data-element_type=\"widget\" data-e-type=\"widget\" data-widget_type=\"text-editor.default\">\n\t\t\t\t<div class=\"elementor-widget-container\">\n\t\t\t\t\t\t\t\t\t<p>Tischlerei Heiko M\u00fcller GmbH<br \/>R\u00e4tzlinger Stra\u00dfe 3<br \/>29588 St\u00f6cken<br \/>05805\/800<br \/>tischlerei@mueller-stoecken.de<br \/>www.mueller-stoecken.de<\/p>\t\t\t\t\t\t\t\t<\/div>\n\t\t\t\t<\/div>\n\t\t\t\t\t<\/div>\n\t\t<\/div>\n\t\t\t\t\t<\/div>\n\t\t<\/section>\n\t\t\t\t<section class=\"elementor-section elementor-top-section elementor-element elementor-element-af3e828 elementor-section-boxed elementor-section-height-default elementor-section-height-default\" data-id=\"af3e828\" data-element_type=\"section\" data-e-type=\"section\">\n\t\t\t\t\t\t<div class=\"elementor-container elementor-column-gap-default\">\n\t\t\t\t\t<div class=\"elementor-column elementor-col-50 elementor-top-column elementor-element elementor-element-57ff957\" data-id=\"57ff957\" data-element_type=\"column\" data-e-type=\"column\">\n\t\t\t<div class=\"elementor-widget-wrap elementor-element-populated\">\n\t\t\t\t\t\t<div class=\"elementor-element elementor-element-a58066e elementor-widget elementor-widget-image\" data-id=\"a58066e\" data-element_type=\"widget\" data-e-type=\"widget\" data-widget_type=\"image.default\">\n\t\t\t\t<div class=\"elementor-widget-container\">\n\t\t\t\t\t\t\t\t\t\t\t\t\t\t\t<img loading=\"lazy\" decoding=\"async\" width=\"740\" height=\"209\" src=\"https:\/\/mb-projektgemeinschaft.de\/wp-content\/uploads\/2022\/01\/Klima-Schutz.jpg\" class=\"attachment-large size-large wp-image-984\" alt=\"\" srcset=\"https:\/\/mb-projektgemeinschaft.de\/wp-content\/uploads\/2022\/01\/Klima-Schutz.jpg 1000w, https:\/\/mb-projektgemeinschaft.de\/wp-content\/uploads\/2022\/01\/Klima-Schutz-300x85.jpg 300w, https:\/\/mb-projektgemeinschaft.de\/wp-content\/uploads\/2022\/01\/Klima-Schutz-768x217.jpg 768w\" sizes=\"100vw\" \/>\t\t\t\t\t\t\t\t\t\t\t\t\t\t\t<\/div>\n\t\t\t\t<\/div>\n\t\t\t\t\t<\/div>\n\t\t<\/div>\n\t\t\t\t<div class=\"elementor-column elementor-col-50 elementor-top-column elementor-element elementor-element-e2e3683\" data-id=\"e2e3683\" data-element_type=\"column\" data-e-type=\"column\">\n\t\t\t<div class=\"elementor-widget-wrap elementor-element-populated\">\n\t\t\t\t\t\t<div class=\"elementor-element elementor-element-f7d6a81 elementor-widget elementor-widget-text-editor\" data-id=\"f7d6a81\" data-element_type=\"widget\" data-e-type=\"widget\" data-widget_type=\"text-editor.default\">\n\t\t\t\t<div class=\"elementor-widget-container\">\n\t\t\t\t\t\t\t\t\t<p>Klima-Schutz und Service GmbH<br \/>Am Bahnhof 21<br \/>29599 Weste<br \/>05828\/279<br \/>info@klimaschutz-service.de<br \/>www.klimaschutz-service.de<\/p>\t\t\t\t\t\t\t\t<\/div>\n\t\t\t\t<\/div>\n\t\t\t\t\t<\/div>\n\t\t<\/div>\n\t\t\t\t\t<\/div>\n\t\t<\/section>\n\t\t\t\t<section class=\"elementor-section elementor-top-section elementor-element elementor-element-321da1b elementor-section-boxed elementor-section-height-default elementor-section-height-default\" data-id=\"321da1b\" data-element_type=\"section\" data-e-type=\"section\">\n\t\t\t\t\t\t<div class=\"elementor-container elementor-column-gap-default\">\n\t\t\t\t\t<div class=\"elementor-column elementor-col-50 elementor-top-column elementor-element elementor-element-996309c\" data-id=\"996309c\" data-element_type=\"column\" data-e-type=\"column\">\n\t\t\t<div class=\"elementor-widget-wrap elementor-element-populated\">\n\t\t\t\t\t\t<div class=\"elementor-element elementor-element-3ec7c4c elementor-widget elementor-widget-image\" data-id=\"3ec7c4c\" data-element_type=\"widget\" data-e-type=\"widget\" data-widget_type=\"image.default\">\n\t\t\t\t<div class=\"elementor-widget-container\">\n\t\t\t\t\t\t\t\t\t\t\t\t\t\t\t<img loading=\"lazy\" decoding=\"async\" width=\"731\" height=\"189\" src=\"https:\/\/mb-projektgemeinschaft.de\/wp-content\/uploads\/2022\/01\/Konzept_Logo-fuer-Formulare.jpg\" class=\"attachment-large size-large wp-image-989\" alt=\"\" srcset=\"https:\/\/mb-projektgemeinschaft.de\/wp-content\/uploads\/2022\/01\/Konzept_Logo-fuer-Formulare.jpg 731w, https:\/\/mb-projektgemeinschaft.de\/wp-content\/uploads\/2022\/01\/Konzept_Logo-fuer-Formulare-300x78.jpg 300w\" sizes=\"100vw\" \/>\t\t\t\t\t\t\t\t\t\t\t\t\t\t\t<\/div>\n\t\t\t\t<\/div>\n\t\t\t\t\t<\/div>\n\t\t<\/div>\n\t\t\t\t<div class=\"elementor-column elementor-col-50 elementor-top-column elementor-element elementor-element-2a34150\" data-id=\"2a34150\" data-element_type=\"column\" data-e-type=\"column\">\n\t\t\t<div class=\"elementor-widget-wrap elementor-element-populated\">\n\t\t\t\t\t\t<div class=\"elementor-element elementor-element-94c41f5 elementor-widget elementor-widget-text-editor\" data-id=\"94c41f5\" data-element_type=\"widget\" data-e-type=\"widget\" data-widget_type=\"text-editor.default\">\n\t\t\t\t<div class=\"elementor-widget-container\">\n\t\t\t\t\t\t\t\t\t<p>Konzept Versicherungsmakler GmbH<br \/>Am alten Grenzgraben 3<br \/>29525 Uelzen<br \/>0581\/30841<br \/>info@konzept-versicherungsmakler.de<br \/>www.konzept-versicherungsmakler.de<\/p>\t\t\t\t\t\t\t\t<\/div>\n\t\t\t\t<\/div>\n\t\t\t\t\t<\/div>\n\t\t<\/div>\n\t\t\t\t\t<\/div>\n\t\t<\/section>\n\t\t\t\t<section class=\"elementor-section elementor-top-section elementor-element elementor-element-755f1b0 elementor-section-boxed elementor-section-height-default elementor-section-height-default\" data-id=\"755f1b0\" data-element_type=\"section\" data-e-type=\"section\">\n\t\t\t\t\t\t<div class=\"elementor-container elementor-column-gap-default\">\n\t\t\t\t\t<div class=\"elementor-column elementor-col-50 elementor-top-column elementor-element elementor-element-cece5eb\" data-id=\"cece5eb\" data-element_type=\"column\" data-e-type=\"column\">\n\t\t\t<div class=\"elementor-widget-wrap elementor-element-populated\">\n\t\t\t\t\t\t<div class=\"elementor-element elementor-element-0e8e746 elementor-widget elementor-widget-image\" data-id=\"0e8e746\" data-element_type=\"widget\" data-e-type=\"widget\" data-widget_type=\"image.default\">\n\t\t\t\t<div class=\"elementor-widget-container\">\n\t\t\t\t\t\t\t\t\t\t\t\t\t\t\t<img loading=\"lazy\" decoding=\"async\" width=\"740\" height=\"199\" src=\"https:\/\/mb-projektgemeinschaft.de\/wp-content\/uploads\/2022\/01\/Maler-Schneider-1024x276.jpg\" class=\"attachment-large size-large wp-image-994\" alt=\"\" srcset=\"https:\/\/mb-projektgemeinschaft.de\/wp-content\/uploads\/2022\/01\/Maler-Schneider-1024x276.jpg 1024w, https:\/\/mb-projektgemeinschaft.de\/wp-content\/uploads\/2022\/01\/Maler-Schneider-300x81.jpg 300w, https:\/\/mb-projektgemeinschaft.de\/wp-content\/uploads\/2022\/01\/Maler-Schneider-768x207.jpg 768w, https:\/\/mb-projektgemeinschaft.de\/wp-content\/uploads\/2022\/01\/Maler-Schneider.jpg 1076w\" sizes=\"100vw\" \/>\t\t\t\t\t\t\t\t\t\t\t\t\t\t\t<\/div>\n\t\t\t\t<\/div>\n\t\t\t\t\t<\/div>\n\t\t<\/div>\n\t\t\t\t<div class=\"elementor-column elementor-col-50 elementor-top-column elementor-element elementor-element-b9111e0\" data-id=\"b9111e0\" data-element_type=\"column\" data-e-type=\"column\">\n\t\t\t<div class=\"elementor-widget-wrap elementor-element-populated\">\n\t\t\t\t\t\t<div class=\"elementor-element elementor-element-c2b5dc1 elementor-widget elementor-widget-text-editor\" data-id=\"c2b5dc1\" data-element_type=\"widget\" data-e-type=\"widget\" data-widget_type=\"text-editor.default\">\n\t\t\t\t<div class=\"elementor-widget-container\">\n\t\t\t\t\t\t\t\t\t<p>Maler Schneider GmbH<br \/>Dr. Koch-Str. 4<br \/>29468 Bergen \/ Dumme<br \/>05845\/293<br \/>info@malerhouse.de<br \/>www.malerhouse.de<\/p>\t\t\t\t\t\t\t\t<\/div>\n\t\t\t\t<\/div>\n\t\t\t\t\t<\/div>\n\t\t<\/div>\n\t\t\t\t\t<\/div>\n\t\t<\/section>\n\t\t\t\t<section class=\"elementor-section elementor-top-section elementor-element elementor-element-f0f0c54 elementor-section-boxed elementor-section-height-default elementor-section-height-default\" data-id=\"f0f0c54\" data-element_type=\"section\" data-e-type=\"section\">\n\t\t\t\t\t\t<div class=\"elementor-container elementor-column-gap-default\">\n\t\t\t\t\t<div class=\"elementor-column elementor-col-50 elementor-top-column elementor-element elementor-element-7f5555e\" data-id=\"7f5555e\" data-element_type=\"column\" data-e-type=\"column\">\n\t\t\t<div class=\"elementor-widget-wrap elementor-element-populated\">\n\t\t\t\t\t\t<div class=\"elementor-element elementor-element-925be01 elementor-widget elementor-widget-image\" data-id=\"925be01\" data-element_type=\"widget\" data-e-type=\"widget\" data-widget_type=\"image.default\">\n\t\t\t\t<div class=\"elementor-widget-container\">\n\t\t\t\t\t\t\t\t\t\t\t\t\t\t\t<img loading=\"lazy\" decoding=\"async\" width=\"740\" height=\"214\" src=\"https:\/\/mb-projektgemeinschaft.de\/wp-content\/uploads\/2022\/01\/Meyer-Geruest.jpg\" class=\"attachment-large size-large wp-image-999\" alt=\"\" srcset=\"https:\/\/mb-projektgemeinschaft.de\/wp-content\/uploads\/2022\/01\/Meyer-Geruest.jpg 774w, https:\/\/mb-projektgemeinschaft.de\/wp-content\/uploads\/2022\/01\/Meyer-Geruest-300x87.jpg 300w, https:\/\/mb-projektgemeinschaft.de\/wp-content\/uploads\/2022\/01\/Meyer-Geruest-768x222.jpg 768w\" sizes=\"100vw\" \/>\t\t\t\t\t\t\t\t\t\t\t\t\t\t\t<\/div>\n\t\t\t\t<\/div>\n\t\t\t\t\t<\/div>\n\t\t<\/div>\n\t\t\t\t<div class=\"elementor-column elementor-col-50 elementor-top-column elementor-element elementor-element-c4fbe49\" data-id=\"c4fbe49\" data-element_type=\"column\" data-e-type=\"column\">\n\t\t\t<div class=\"elementor-widget-wrap elementor-element-populated\">\n\t\t\t\t\t\t<div class=\"elementor-element elementor-element-b06be8a elementor-widget elementor-widget-text-editor\" data-id=\"b06be8a\" data-element_type=\"widget\" data-e-type=\"widget\" data-widget_type=\"text-editor.default\">\n\t\t\t\t<div class=\"elementor-widget-container\">\n\t\t\t\t\t\t\t\t\t<p>meyer ger\u00fcst <br \/>Rehrhofer Weg 143<br \/>29633 Munster<br \/>05192 38 88<br \/>meyergeruest@t-online.de<br \/>www.meyer-geruest.de<\/p>\t\t\t\t\t\t\t\t<\/div>\n\t\t\t\t<\/div>\n\t\t\t\t\t<\/div>\n\t\t<\/div>\n\t\t\t\t\t<\/div>\n\t\t<\/section>\n\t\t\t\t<section class=\"elementor-section elementor-top-section elementor-element elementor-element-e367a7d elementor-section-boxed elementor-section-height-default elementor-section-height-default\" data-id=\"e367a7d\" data-element_type=\"section\" data-e-type=\"section\">\n\t\t\t\t\t\t<div class=\"elementor-container elementor-column-gap-default\">\n\t\t\t\t\t<div class=\"elementor-column elementor-col-50 elementor-top-column elementor-element elementor-element-6508503\" data-id=\"6508503\" data-element_type=\"column\" data-e-type=\"column\">\n\t\t\t<div class=\"elementor-widget-wrap elementor-element-populated\">\n\t\t\t\t\t\t<div class=\"elementor-element elementor-element-384ef8b elementor-widget elementor-widget-image\" data-id=\"384ef8b\" data-element_type=\"widget\" data-e-type=\"widget\" data-widget_type=\"image.default\">\n\t\t\t\t<div class=\"elementor-widget-container\">\n\t\t\t\t\t\t\t\t\t\t\t\t\t\t\t<img loading=\"lazy\" decoding=\"async\" width=\"566\" height=\"222\" src=\"https:\/\/mb-projektgemeinschaft.de\/wp-content\/uploads\/2022\/01\/Moebel-Reck.jpg\" class=\"attachment-large size-large wp-image-1000\" alt=\"\" srcset=\"https:\/\/mb-projektgemeinschaft.de\/wp-content\/uploads\/2022\/01\/Moebel-Reck.jpg 566w, https:\/\/mb-projektgemeinschaft.de\/wp-content\/uploads\/2022\/01\/Moebel-Reck-300x118.jpg 300w\" sizes=\"100vw\" \/>\t\t\t\t\t\t\t\t\t\t\t\t\t\t\t<\/div>\n\t\t\t\t<\/div>\n\t\t\t\t\t<\/div>\n\t\t<\/div>\n\t\t\t\t<div class=\"elementor-column elementor-col-50 elementor-top-column elementor-element elementor-element-79439df\" data-id=\"79439df\" data-element_type=\"column\" data-e-type=\"column\">\n\t\t\t<div class=\"elementor-widget-wrap elementor-element-populated\">\n\t\t\t\t\t\t<div class=\"elementor-element elementor-element-82b237a elementor-widget elementor-widget-text-editor\" data-id=\"82b237a\" data-element_type=\"widget\" data-e-type=\"widget\" data-widget_type=\"text-editor.default\">\n\t\t\t\t<div class=\"elementor-widget-container\">\n\t\t\t\t\t\t\t\t\t<p>M\u00f6belhaus und Tischlerei M\u00f6bel Reck<br \/>Krummer Arm 5 + 9<br \/>29549 Bad Bevensen<br \/>05821\/41031<br \/>info@moebel-reck.de<br \/>www.moebel-reck.de<\/p>\t\t\t\t\t\t\t\t<\/div>\n\t\t\t\t<\/div>\n\t\t\t\t\t<\/div>\n\t\t<\/div>\n\t\t\t\t\t<\/div>\n\t\t<\/section>\n\t\t\t\t<section class=\"elementor-section elementor-top-section elementor-element elementor-element-43ad1fe elementor-section-boxed elementor-section-height-default elementor-section-height-default\" data-id=\"43ad1fe\" data-element_type=\"section\" data-e-type=\"section\">\n\t\t\t\t\t\t<div class=\"elementor-container elementor-column-gap-default\">\n\t\t\t\t\t<div class=\"elementor-column elementor-col-50 elementor-top-column elementor-element elementor-element-3082460\" data-id=\"3082460\" data-element_type=\"column\" data-e-type=\"column\">\n\t\t\t<div class=\"elementor-widget-wrap elementor-element-populated\">\n\t\t\t\t\t\t<div class=\"elementor-element elementor-element-aa6fd93 elementor-widget elementor-widget-image\" data-id=\"aa6fd93\" data-element_type=\"widget\" data-e-type=\"widget\" data-widget_type=\"image.default\">\n\t\t\t\t<div class=\"elementor-widget-container\">\n\t\t\t\t\t\t\t\t\t\t\t\t\t\t\t<img loading=\"lazy\" decoding=\"async\" width=\"417\" height=\"185\" src=\"https:\/\/mb-projektgemeinschaft.de\/wp-content\/uploads\/2022\/01\/Moelders.jpg\" class=\"attachment-large size-large wp-image-1001\" alt=\"\" srcset=\"https:\/\/mb-projektgemeinschaft.de\/wp-content\/uploads\/2022\/01\/Moelders.jpg 417w, https:\/\/mb-projektgemeinschaft.de\/wp-content\/uploads\/2022\/01\/Moelders-300x133.jpg 300w\" sizes=\"100vw\" \/>\t\t\t\t\t\t\t\t\t\t\t\t\t\t\t<\/div>\n\t\t\t\t<\/div>\n\t\t\t\t\t<\/div>\n\t\t<\/div>\n\t\t\t\t<div class=\"elementor-column elementor-col-50 elementor-top-column elementor-element elementor-element-5eead45\" data-id=\"5eead45\" data-element_type=\"column\" data-e-type=\"column\">\n\t\t\t<div class=\"elementor-widget-wrap elementor-element-populated\">\n\t\t\t\t\t\t<div class=\"elementor-element elementor-element-32b560c elementor-widget elementor-widget-text-editor\" data-id=\"32b560c\" data-element_type=\"widget\" data-e-type=\"widget\" data-widget_type=\"text-editor.default\">\n\t\t\t\t<div class=\"elementor-widget-container\">\n\t\t\t\t\t\t\t\t\t<p>M\u00f6lders Baucentrum GmbH<br \/>Am Funkturm 23<br \/>29525 Uelzen<br \/>0581\/850<br \/>bshUelzen@moelders.de<br \/>www.moelders.de<\/p>\t\t\t\t\t\t\t\t<\/div>\n\t\t\t\t<\/div>\n\t\t\t\t\t<\/div>\n\t\t<\/div>\n\t\t\t\t\t<\/div>\n\t\t<\/section>\n\t\t\t\t<section class=\"elementor-section elementor-top-section elementor-element elementor-element-72d3b68 elementor-section-boxed elementor-section-height-default elementor-section-height-default\" data-id=\"72d3b68\" data-element_type=\"section\" data-e-type=\"section\">\n\t\t\t\t\t\t<div class=\"elementor-container elementor-column-gap-default\">\n\t\t\t\t\t<div class=\"elementor-column elementor-col-50 elementor-top-column elementor-element elementor-element-d9934e4\" data-id=\"d9934e4\" data-element_type=\"column\" data-e-type=\"column\">\n\t\t\t<div class=\"elementor-widget-wrap elementor-element-populated\">\n\t\t\t\t\t\t<div class=\"elementor-element elementor-element-61d3090 elementor-widget elementor-widget-image\" data-id=\"61d3090\" data-element_type=\"widget\" data-e-type=\"widget\" data-widget_type=\"image.default\">\n\t\t\t\t<div class=\"elementor-widget-container\">\n\t\t\t\t\t\t\t\t\t\t\t\t\t\t\t<img loading=\"lazy\" decoding=\"async\" width=\"740\" height=\"268\" src=\"https:\/\/mb-projektgemeinschaft.de\/wp-content\/uploads\/2022\/01\/Mueller-Neetzel.jpg\" class=\"attachment-large size-large wp-image-1002\" alt=\"\" srcset=\"https:\/\/mb-projektgemeinschaft.de\/wp-content\/uploads\/2022\/01\/Mueller-Neetzel.jpg 983w, https:\/\/mb-projektgemeinschaft.de\/wp-content\/uploads\/2022\/01\/Mueller-Neetzel-300x109.jpg 300w, https:\/\/mb-projektgemeinschaft.de\/wp-content\/uploads\/2022\/01\/Mueller-Neetzel-768x278.jpg 768w\" sizes=\"100vw\" \/>\t\t\t\t\t\t\t\t\t\t\t\t\t\t\t<\/div>\n\t\t\t\t<\/div>\n\t\t\t\t\t<\/div>\n\t\t<\/div>\n\t\t\t\t<div class=\"elementor-column elementor-col-50 elementor-top-column elementor-element elementor-element-2245eb1\" data-id=\"2245eb1\" data-element_type=\"column\" data-e-type=\"column\">\n\t\t\t<div class=\"elementor-widget-wrap elementor-element-populated\">\n\t\t\t\t\t\t<div class=\"elementor-element elementor-element-ef02661 elementor-widget elementor-widget-text-editor\" data-id=\"ef02661\" data-element_type=\"widget\" data-e-type=\"widget\" data-widget_type=\"text-editor.default\">\n\t\t\t\t<div class=\"elementor-widget-container\">\n\t\t\t\t\t\t\t\t\t<p>M\u00fcller &amp; Neetzel GmbH &amp; Co. KG<br \/>Dorfstra\u00dfe 14<br \/>29559 Wieren<br \/>05825\/480<br \/>info@muellerundnetzel.de<br \/>www.mueller-neetzel.de<\/p>\t\t\t\t\t\t\t\t<\/div>\n\t\t\t\t<\/div>\n\t\t\t\t\t<\/div>\n\t\t<\/div>\n\t\t\t\t\t<\/div>\n\t\t<\/section>\n\t\t\t\t<section class=\"elementor-section elementor-top-section elementor-element elementor-element-c854d54 elementor-section-boxed elementor-section-height-default elementor-section-height-default\" data-id=\"c854d54\" data-element_type=\"section\" data-e-type=\"section\">\n\t\t\t\t\t\t<div class=\"elementor-container elementor-column-gap-default\">\n\t\t\t\t\t<div class=\"elementor-column elementor-col-50 elementor-top-column elementor-element elementor-element-81724b1\" data-id=\"81724b1\" data-element_type=\"column\" data-e-type=\"column\">\n\t\t\t<div class=\"elementor-widget-wrap elementor-element-populated\">\n\t\t\t\t\t\t<div class=\"elementor-element elementor-element-ac11d27 elementor-widget elementor-widget-image\" data-id=\"ac11d27\" data-element_type=\"widget\" data-e-type=\"widget\" data-widget_type=\"image.default\">\n\t\t\t\t<div class=\"elementor-widget-container\">\n\t\t\t\t\t\t\t\t\t\t\t\t\t\t\t<img loading=\"lazy\" decoding=\"async\" width=\"622\" height=\"261\" src=\"https:\/\/mb-projektgemeinschaft.de\/wp-content\/uploads\/2022\/01\/Schenk-Haus.jpg\" class=\"attachment-large size-large wp-image-1020\" alt=\"\" srcset=\"https:\/\/mb-projektgemeinschaft.de\/wp-content\/uploads\/2022\/01\/Schenk-Haus.jpg 622w, https:\/\/mb-projektgemeinschaft.de\/wp-content\/uploads\/2022\/01\/Schenk-Haus-300x126.jpg 300w\" sizes=\"100vw\" \/>\t\t\t\t\t\t\t\t\t\t\t\t\t\t\t<\/div>\n\t\t\t\t<\/div>\n\t\t\t\t\t<\/div>\n\t\t<\/div>\n\t\t\t\t<div class=\"elementor-column elementor-col-50 elementor-top-column elementor-element elementor-element-be9517e\" data-id=\"be9517e\" data-element_type=\"column\" data-e-type=\"column\">\n\t\t\t<div class=\"elementor-widget-wrap elementor-element-populated\">\n\t\t\t\t\t\t<div class=\"elementor-element elementor-element-b004ada elementor-widget elementor-widget-text-editor\" data-id=\"b004ada\" data-element_type=\"widget\" data-e-type=\"widget\" data-widget_type=\"text-editor.default\">\n\t\t\t\t<div class=\"elementor-widget-container\">\n\t\t\t\t\t\t\t\t\t<p>Schenk GmbH<br \/>M\u00fchlenstra\u00dfe 2a<br \/>29556 B\u00f6ddenstedt<br \/>05826\/268<br \/>info@schenk-haus.de<br \/>www.schenk-haus.de<\/p>\t\t\t\t\t\t\t\t<\/div>\n\t\t\t\t<\/div>\n\t\t\t\t\t<\/div>\n\t\t<\/div>\n\t\t\t\t\t<\/div>\n\t\t<\/section>\n\t\t\t\t<section class=\"elementor-section elementor-top-section elementor-element elementor-element-f7e620d elementor-section-boxed elementor-section-height-default elementor-section-height-default\" data-id=\"f7e620d\" data-element_type=\"section\" data-e-type=\"section\">\n\t\t\t\t\t\t<div class=\"elementor-container elementor-column-gap-default\">\n\t\t\t\t\t<div class=\"elementor-column elementor-col-50 elementor-top-column elementor-element elementor-element-e01c970\" data-id=\"e01c970\" data-element_type=\"column\" data-e-type=\"column\">\n\t\t\t<div class=\"elementor-widget-wrap elementor-element-populated\">\n\t\t\t\t\t\t<div class=\"elementor-element elementor-element-45eaec7 elementor-widget elementor-widget-image\" data-id=\"45eaec7\" data-element_type=\"widget\" data-e-type=\"widget\" data-widget_type=\"image.default\">\n\t\t\t\t<div class=\"elementor-widget-container\">\n\t\t\t\t\t\t\t\t\t\t\t\t\t\t\t<img loading=\"lazy\" decoding=\"async\" width=\"740\" height=\"152\" src=\"https:\/\/mb-projektgemeinschaft.de\/wp-content\/uploads\/2022\/01\/Schmiede-Lohmann-1024x211.jpg\" class=\"attachment-large size-large wp-image-1021\" alt=\"\" srcset=\"https:\/\/mb-projektgemeinschaft.de\/wp-content\/uploads\/2022\/01\/Schmiede-Lohmann-1024x211.jpg 1024w, https:\/\/mb-projektgemeinschaft.de\/wp-content\/uploads\/2022\/01\/Schmiede-Lohmann-300x62.jpg 300w, https:\/\/mb-projektgemeinschaft.de\/wp-content\/uploads\/2022\/01\/Schmiede-Lohmann-768x158.jpg 768w, https:\/\/mb-projektgemeinschaft.de\/wp-content\/uploads\/2022\/01\/Schmiede-Lohmann.jpg 1223w\" sizes=\"100vw\" \/>\t\t\t\t\t\t\t\t\t\t\t\t\t\t\t<\/div>\n\t\t\t\t<\/div>\n\t\t\t\t\t<\/div>\n\t\t<\/div>\n\t\t\t\t<div class=\"elementor-column elementor-col-50 elementor-top-column elementor-element elementor-element-72cd4cc\" data-id=\"72cd4cc\" data-element_type=\"column\" data-e-type=\"column\">\n\t\t\t<div class=\"elementor-widget-wrap elementor-element-populated\">\n\t\t\t\t\t\t<div class=\"elementor-element elementor-element-4862459 elementor-widget elementor-widget-text-editor\" data-id=\"4862459\" data-element_type=\"widget\" data-e-type=\"widget\" data-widget_type=\"text-editor.default\">\n\t\t\t\t<div class=\"elementor-widget-container\">\n\t\t\t\t\t\t\t\t\t<p>Schmiede Lohmann Inh. Dirk Strecker-Lohmann<br \/>Ludwig-Ehlers-Stra\u00dfe 7<br \/>29549 Bad Bevensen<br \/>05821\/1307<br \/>schmiede-metallbau-lohmann@t-online.de<br \/>www.schmiede-metallbau-lohmann.de<\/p>\t\t\t\t\t\t\t\t<\/div>\n\t\t\t\t<\/div>\n\t\t\t\t\t<\/div>\n\t\t<\/div>\n\t\t\t\t\t<\/div>\n\t\t<\/section>\n\t\t\t\t<section class=\"elementor-section elementor-top-section elementor-element elementor-element-0f7221d elementor-section-boxed elementor-section-height-default elementor-section-height-default\" data-id=\"0f7221d\" data-element_type=\"section\" data-e-type=\"section\">\n\t\t\t\t\t\t<div class=\"elementor-container elementor-column-gap-default\">\n\t\t\t\t\t<div class=\"elementor-column elementor-col-50 elementor-top-column elementor-element elementor-element-174b7b3\" data-id=\"174b7b3\" data-element_type=\"column\" data-e-type=\"column\">\n\t\t\t<div class=\"elementor-widget-wrap elementor-element-populated\">\n\t\t\t\t\t\t<div class=\"elementor-element elementor-element-47b0d14 elementor-widget elementor-widget-image\" data-id=\"47b0d14\" data-element_type=\"widget\" data-e-type=\"widget\" data-widget_type=\"image.default\">\n\t\t\t\t<div class=\"elementor-widget-container\">\n\t\t\t\t\t\t\t\t\t\t\t\t\t\t\t<img loading=\"lazy\" decoding=\"async\" width=\"708\" height=\"328\" src=\"https:\/\/mb-projektgemeinschaft.de\/wp-content\/uploads\/2022\/01\/Schuette-Holzbau.jpg\" class=\"attachment-large size-large wp-image-1022\" alt=\"\" srcset=\"https:\/\/mb-projektgemeinschaft.de\/wp-content\/uploads\/2022\/01\/Schuette-Holzbau.jpg 708w, https:\/\/mb-projektgemeinschaft.de\/wp-content\/uploads\/2022\/01\/Schuette-Holzbau-300x139.jpg 300w\" sizes=\"100vw\" \/>\t\t\t\t\t\t\t\t\t\t\t\t\t\t\t<\/div>\n\t\t\t\t<\/div>\n\t\t\t\t\t<\/div>\n\t\t<\/div>\n\t\t\t\t<div class=\"elementor-column elementor-col-50 elementor-top-column elementor-element elementor-element-7b0e78c\" data-id=\"7b0e78c\" data-element_type=\"column\" data-e-type=\"column\">\n\t\t\t<div class=\"elementor-widget-wrap elementor-element-populated\">\n\t\t\t\t\t\t<div class=\"elementor-element elementor-element-124b565 elementor-widget elementor-widget-text-editor\" data-id=\"124b565\" data-element_type=\"widget\" data-e-type=\"widget\" data-widget_type=\"text-editor.default\">\n\t\t\t\t<div class=\"elementor-widget-container\">\n\t\t\t\t\t\t\t\t\t<p>Sch\u00fctte Holzbau GmbH<br \/>Holdenstedter Stra\u00dfe 61<br \/>29525 Uelzen<br \/>0581\/5371<br \/>schuette-uelzen@t-online.de<br \/>www.schuette-holzbau.de<\/p>\t\t\t\t\t\t\t\t<\/div>\n\t\t\t\t<\/div>\n\t\t\t\t\t<\/div>\n\t\t<\/div>\n\t\t\t\t\t<\/div>\n\t\t<\/section>\n\t\t\t\t<section class=\"elementor-section elementor-top-section elementor-element elementor-element-3cc714e elementor-section-boxed elementor-section-height-default elementor-section-height-default\" data-id=\"3cc714e\" data-element_type=\"section\" data-e-type=\"section\">\n\t\t\t\t\t\t<div class=\"elementor-container elementor-column-gap-default\">\n\t\t\t\t\t<div class=\"elementor-column elementor-col-50 elementor-top-column elementor-element elementor-element-d79ac9a\" data-id=\"d79ac9a\" data-element_type=\"column\" data-e-type=\"column\">\n\t\t\t<div class=\"elementor-widget-wrap\">\n\t\t\t\t\t\t\t<\/div>\n\t\t<\/div>\n\t\t\t\t<div class=\"elementor-column elementor-col-50 elementor-top-column elementor-element elementor-element-94cc10f\" data-id=\"94cc10f\" data-element_type=\"column\" data-e-type=\"column\">\n\t\t\t<div class=\"elementor-widget-wrap elementor-element-populated\">\n\t\t\t\t\t\t<div class=\"elementor-element elementor-element-69500c9 elementor-widget elementor-widget-text-editor\" data-id=\"69500c9\" data-element_type=\"widget\" data-e-type=\"widget\" data-widget_type=\"text-editor.default\">\n\t\t\t\t<div class=\"elementor-widget-container\">\n\t\t\t\t\t\t\t\t\t<p>Dipl.-Ing. Architekt Stefan Thieme<br \/>Niendorfer Weg 1<br \/>29525 Uelzen<br \/>0175\/5682258<\/p>\t\t\t\t\t\t\t\t<\/div>\n\t\t\t\t<\/div>\n\t\t\t\t\t<\/div>\n\t\t<\/div>\n\t\t\t\t\t<\/div>\n\t\t<\/section>\n\t\t\t\t<section class=\"elementor-section elementor-top-section elementor-element elementor-element-7768662 elementor-section-boxed elementor-section-height-default elementor-section-height-default\" data-id=\"7768662\" data-element_type=\"section\" data-e-type=\"section\">\n\t\t\t\t\t\t<div class=\"elementor-container elementor-column-gap-default\">\n\t\t\t\t\t<div class=\"elementor-column elementor-col-50 elementor-top-column elementor-element elementor-element-9e7e9b2\" data-id=\"9e7e9b2\" data-element_type=\"column\" data-e-type=\"column\">\n\t\t\t<div class=\"elementor-widget-wrap elementor-element-populated\">\n\t\t\t\t\t\t<div class=\"elementor-element elementor-element-6314283 elementor-widget elementor-widget-image\" data-id=\"6314283\" data-element_type=\"widget\" data-e-type=\"widget\" data-widget_type=\"image.default\">\n\t\t\t\t<div class=\"elementor-widget-container\">\n\t\t\t\t\t\t\t\t\t\t\t\t\t\t\t<img loading=\"lazy\" decoding=\"async\" width=\"497\" height=\"448\" src=\"https:\/\/mb-projektgemeinschaft.de\/wp-content\/uploads\/2022\/01\/Propp.jpg\" class=\"attachment-large size-large wp-image-1071\" alt=\"\" srcset=\"https:\/\/mb-projektgemeinschaft.de\/wp-content\/uploads\/2022\/01\/Propp.jpg 497w, https:\/\/mb-projektgemeinschaft.de\/wp-content\/uploads\/2022\/01\/Propp-300x270.jpg 300w\" sizes=\"100vw\" \/>\t\t\t\t\t\t\t\t\t\t\t\t\t\t\t<\/div>\n\t\t\t\t<\/div>\n\t\t\t\t\t<\/div>\n\t\t<\/div>\n\t\t\t\t<div class=\"elementor-column elementor-col-50 elementor-top-column elementor-element elementor-element-00bbcfd\" data-id=\"00bbcfd\" data-element_type=\"column\" data-e-type=\"column\">\n\t\t\t<div class=\"elementor-widget-wrap elementor-element-populated\">\n\t\t\t\t\t\t<div class=\"elementor-element elementor-element-0ec6703 elementor-widget elementor-widget-text-editor\" data-id=\"0ec6703\" data-element_type=\"widget\" data-e-type=\"widget\" data-widget_type=\"text-editor.default\">\n\t\t\t\t<div class=\"elementor-widget-container\">\n\t\t\t\t\t\t\t\t\t<p>Viktor Propp<br \/>Stukkateurbetrieb-Putz-Vollw\u00e4rmeschutz-Trockenbau<br \/>Grabenstra\u00dfe 45<br \/>29525 Uelzen<br \/>0171\/7767196<\/p>\t\t\t\t\t\t\t\t<\/div>\n\t\t\t\t<\/div>\n\t\t\t\t\t<\/div>\n\t\t<\/div>\n\t\t\t\t\t<\/div>\n\t\t<\/section>\n\t\t\t\t<\/div>\n\t\t","protected":false},"excerpt":{"rendered":"<p>Albrecht BedachungenAn der Bahn 4629559 Wrestedt OT Wieren05825\/268320albrecht-dach@t-online.de Alexander Bruch GmbHFliesen * Natursteine Am alten Grenzgraben 329525 Uelzen0581\/9716688info@bruch-uelzen.dewww.bruch-uelzen.de \u00a0 Olaf B\u00e4slack Bahnhofstra\u00dfe 2821368 Dahlenburg05851\/7875heizung.sanitaer.baeslack@t-online.dewww.baeslack.de bps-Bauplanungsservice + BauprojektserviceGebhard Schulz &#8211; ArchitektBirkenallee 4929525 Uelzen0581\/9077066schulz@bauplanungsservice.comwww.bauplanungsservice.com Fotostudio CodoMaCordula MarienbergZimmermannstr. 1329525 Uelzen0581\/71382info@codoma.dewww.codoma.de Grethen Bad Heizung Elektro GmbHLudwig-Ehlers-Stra\u00dfe 929549 Bad Bevensen055821\/7081info@hartmut-grethen.dewww.hartmut-grethen.de Tischlerei Heiko M\u00fcller GmbHR\u00e4tzlinger Stra\u00dfe 329588 St\u00f6cken05805\/800tischlerei@mueller-stoecken.dewww.mueller-stoecken.de Klima-Schutz und Service &hellip; <\/p>\n<p class=\"link-more\"><a href=\"https:\/\/mb-projektgemeinschaft.de\/?page_id=25\" class=\"more-link\"><span class=\"screen-reader-text\">\u201eunsere Partnerfirmen\u201c<\/span> weiterlesen<\/a><\/p>\n","protected":false},"author":1,"featured_media":0,"parent":0,"menu_order":0,"comment_status":"closed","ping_status":"closed","template":"","meta":{"footnotes":""},"class_list":["post-25","page","type-page","status-publish","hentry"],"_links":{"self":[{"href":"https:\/\/mb-projektgemeinschaft.de\/index.php?rest_route=\/wp\/v2\/pages\/25","targetHints":{"allow":["GET"]}}],"collection":[{"href":"https:\/\/mb-projektgemeinschaft.de\/index.php?rest_route=\/wp\/v2\/pages"}],"about":[{"href":"https:\/\/mb-projektgemeinschaft.de\/index.php?rest_route=\/wp\/v2\/types\/page"}],"author":[{"embeddable":true,"href":"https:\/\/mb-projektgemeinschaft.de\/index.php?rest_route=\/wp\/v2\/users\/1"}],"replies":[{"embeddable":true,"href":"https:\/\/mb-projektgemeinschaft.de\/index.php?rest_route=%2Fwp%2Fv2%2Fcomments&post=25"}],"version-history":[{"count":138,"href":"https:\/\/mb-projektgemeinschaft.de\/index.php?rest_route=\/wp\/v2\/pages\/25\/revisions"}],"predecessor-version":[{"id":1312,"href":"https:\/\/mb-projektgemeinschaft.de\/index.php?rest_route=\/wp\/v2\/pages\/25\/revisions\/1312"}],"wp:attachment":[{"href":"https:\/\/mb-projektgemeinschaft.de\/index.php?rest_route=%2Fwp%2Fv2%2Fmedia&parent=25"}],"curies":[{"name":"wp","href":"https:\/\/api.w.org\/{rel}","templated":true}]}}